{"id":290,"date":"2023-03-21T11:52:06","date_gmt":"2023-03-21T10:52:06","guid":{"rendered":"http:\/\/helyiertek.derimuzeum.hu\/?page_id=290"},"modified":"2023-05-17T09:52:24","modified_gmt":"2023-05-17T07:52:24","slug":"ajanlo","status":"publish","type":"page","link":"https:\/\/helyiertek.derimuzeum.hu\/?page_id=290","title":{"rendered":"Aj\u00e1nl\u00f3"},"content":{"rendered":"\n<p><\/p>\n\n\n\n<p><\/p>\n\n\n\n<p><\/p>\n\n\n\n<p class=\"has-text-align-center\"><strong>Forr\u00e1sok Debrecen t\u00f6rt\u00e9net\u00e9nek kutat\u00e1s\u00e1hoz<\/strong><\/p>\n\n\n\n<p><strong>\u00c1ltal\u00e1nos (esem\u00e9ny- \u00e9s t\u00e1rsadalomt\u00f6rt\u00e9net):<\/strong><\/p>\n\n\n\n<ul>\n<li>Balogh L\u00e1szl\u00f3 (\u00f6ssze\u00e1ll.), <em>Utcan\u00e9vi adatt\u00e1r.<\/em> In: Balogh L\u00e1szl\u00f3, <em>Debrecen v\u00e1ros utcan\u00e9vkatasztere<\/em>, Hajd\u00fa-Bihar Megyei Lev\u00e9lt\u00e1r, Debrecen, 2007, 21-[452].<\/li>\n\n\n\n<li><em>Debrecen c\u00edmt\u00e1ra<\/em>, Debreceni Keresked\u0151 T\u00e1rsulat, Debrecen, [cca. 1940], 2. kiad.<\/li>\n\n\n\n<li>Debreceni K\u00e9pes Kalend\u00e1rium 1901 \u2013 1948 (https:\/\/epa.oszk.hu\/02000\/02034)<\/li>\n\n\n\n<li>Debrecen T\u00f6rt\u00e9nete 1-7. k\u00f6t. (Debrecen, 1984 \u2013 2002)<\/li>\n\n\n\n<li>Gonda L\u00e1szl\u00f3 (Gonda Moshe Elij\u00e1hu): <em>A debreceni zsid\u00f3k sz\u00e1z \u00e9ve<\/em> (A Debreceni Zsid\u00f3k Eml\u00e9kbizotts\u00e1ga Kiad\u00e1sa, Tel Aviv, \u00e9.n.)<\/li>\n\n\n\n<li>Sir\u00f3 B\u00e9la: <em>Debrecen megpr\u00f3b\u00e1ltat\u00e1sai.<\/em> T\u00f3th K\u00f6nyvkeresked\u00e9s \u00e9s Kiad\u00f3, Debrecen, 2007.<\/li>\n\n\n\n<li>T\u00edm\u00e1r Lajos: <em>Asszimil\u00e1ci\u00f3 vagy cionizmus?<\/em> <em>&#8211; A debreceni zsid\u00f3s\u00e1g t\u00e1rsadalma a k\u00e9t vil\u00e1gh\u00e1bor\u00fa k\u00f6z\u00f6tt <\/em>(M\u00falt \u00e9s J\u00f6v\u0151, 1994\/1, 31-42. old.)<\/li>\n<\/ul>\n\n\n\n<p><strong>Holokauszt:<\/strong><\/p>\n\n\n\n<ul>\n<li>Braham, Randolph L.: <em>A magyar holokauszt I-II<\/em> (Gondolat K\u00f6nyvkiad\u00f3, Budapest, 1988)<\/li>\n\n\n\n<li>Braham, Randolph L.: <em>A n\u00e9pirt\u00e1s politik\u00e1ja \u2013 Holocaust Magyarorsz\u00e1gon I-II.<\/em> (2., b\u0151v\u00edtet kiad\u00e1s, Belv\u00e1rosi K\u00f6nyvkiad\u00f3, Budapest, 1997)<\/li>\n\n\n\n<li>Database of Holocaust Survivor and Victim Names (United States Holocaust Memorial Museum: www.ushmm.org)<\/li>\n\n\n\n<li><em>Diszkrimin\u00e1ci\u00f3 emancip\u00e1ci\u00f3 \u2013 asszimil\u00e1ci\u00f3 diszkrimin\u00e1ci\u00f3 \u2013 Magyarorsz\u00e1gi egyetemi tan\u00e1rok \u00e9letrajzi adatt\u00e1ra 1848 \u2013 1944 I. &#8211; Zsid\u00f3 \u00e9s zsid\u00f3 sz\u00e1rmaz\u00e1s\u00fa tan\u00e1rok <\/em>(T\u00f6rt\u00e9neti Elitkutat\u00e1sok \u2013 Historical Elite Research 8. Szerkesztette: Kov\u00e1cs I. G\u00e1bor. Elte E\u00f6tv\u00f6s Kiad\u00f3, 2012)<\/li>\n\n\n\n<li>Holokauszt Eml\u00e9kk\u00f6zpont (www.hdke.hu)<\/li>\n\n\n\n<li>Husv\u00e9th Andr\u00e1s \u2013 Kov\u00e1cs Gergely: <em>Adal\u00e9kok az apafai t\u00f6meggyilkoss\u00e1g vizsg\u00e1lat\u00e1hoz<\/em> (arch\u00edvNET, 18. \u00e9vf., 2018, 1-2. sz.)<\/li>\n\n\n\n<li>K\u00e1d\u00e1r Judit: <em>Revizion\u00e1l\u00e1s \u2013 Hankiss J\u00e1nos: Eur\u00f3pa \u00e9s a magyar irodalom a honfoglal\u00e1st\u00f3l a kiegyez\u00e9sig <\/em>(Magyar Narancs, 2006\/12. (03.23.)<\/li>\n\n\n\n<li>Karsai L\u00e1szl\u00f3: <em>Holokauszt<\/em> (Pannonica Kiad\u00f3, 2001)<\/li>\n\n\n\n<li>Karsai L\u00e1szl\u00f3: A magyarorsz\u00e1gi zsid\u00f3t\u00f6rv\u00e9nyek \u00e9s rendeletek, 1920 \u2013 1944 (in: <em>A holokauszt Magyarorsz\u00e1gon eur\u00f3pai perspekt\u00edv\u00e1ban<\/em>. Szerk.: Moln\u00e1r Judit. Balassi Kiad\u00f3, 2005)<\/li>\n\n\n\n<li>Karsai L\u00e1szl\u00f3: Orvosok a Horthy-korszakban (\u00c9let \u00e9s irodalom, LXII. \u00e9vfolyam, 37. sz\u00e1m, 2018. szeptember 14.)<\/li>\n\n\n\n<li>K\u00e1d\u00e1r G\u00e1bor \u2013 V\u00e1gi Zolt\u00e1n: <em>Hullarabl\u00e1s \u2013 A magyar zsid\u00f3k gazdas\u00e1gi megsemmis\u00edt\u00e9se<\/em> (Hannah Arendt Egyes\u00fclet, Jaffa Kiad\u00f3, Budapest, 2005)<\/li>\n\n\n\n<li>Kerepeszki R\u00f3bert: <em>A numerus clausus 1928. \u00e9vi m\u00f3dos\u00edt\u00e1s\u00e1nak hat\u00e1sa Debrecenben<\/em> (M\u00faltunk, 2005. 4.)<\/li>\n\n\n\n<li>Kerepeszki R\u00f3bert: <em>A Turul Sz\u00f6vets\u00e9g 1919 \u2013 1945 <\/em>(Attraktor k\u00f6nyvkiad\u00f3, 2012)<\/li>\n\n\n\n<li><em>Kirekeszt\u0151k \u2013 Antiszemita \u00edr\u00e1sok 1881 \u2013 1992. (<\/em>V\u00e1logatta: Karsai L\u00e1szl\u00f3. Aura Kiad\u00f3, 1992)<\/li>\n\n\n\n<li>Kov\u00e1cs M. M\u00e1ria: <em>Numerus Clausus&nbsp; Magyarorsz\u00e1gon, 1919-1945<\/em> (in: <em>Jogfoszt\u00e1s \u2013 90 \u00e9ve: tanulm\u00e1nyok a numerus claususr\u00f3l<\/em>. Szerk.: Moln\u00e1r Judit. Nonprofit T\u00e1rsadalomkutat\u00f3 Egyes\u00fclet, 2011, Budapest).<\/li>\n\n\n\n<li>Pelle J\u00e1nos: <em>A Soa Debrecenben.<\/em> Val\u00f3s\u00e1g, 57. \u00e9vf. 12.sz. 40-72. old.<\/li>\n\n\n\n<li>Pelle J\u00e1nos: <em>Fajv\u00e9d\u0151 orvosok \u00e9s a holokauszt<\/em> (\u00c9let \u00e9s Irodalom, LXII. \u00e9vfolyam, 36. sz\u00e1m, 2018. szeptember 7.)<\/li>\n\n\n\n<li>Prepuk Anik\u00f3: <em>A kirekeszt\u00e9st\u0151l a deport\u00e1l\u00e1sig.<\/em> Hist\u00f3ria, 2004\/02-03, 32-38. old.<\/li>\n\n\n\n<li>S\u00edr\u00f3 B\u00e9la: <em>A debreceni zsid\u00f3s\u00e1g szellemi arck\u00e9p\u00e9hez <\/em>(M\u00falt \u00e9s J\u00f6v\u0151, 1994\/1, 47-58.old.)<\/li>\n\n\n\n<li>S\u00edr\u00f3 B\u00e9la: <em>A debreceni zsid\u00f3s\u00e1g a v\u00e9szkorszak idej\u00e9n<\/em> (T\u00f6rt\u00e9neti Tanulm\u00e1nyok IV., Debrecen, 1995)<\/li>\n\n\n\n<li>Szita Szabolcs: <em>Magyarorsz\u00e1g n\u00e9met megsz\u00e1ll\u00e1sa: az els\u0151 hetek <\/em>\/www.nemzetisegek.hu\/repertorium\/2004\/02\/NEMCIK.PDF)<\/li>\n\n\n\n<li>R\u00e1nky Gy\u00f6rgy: <em>1944. m\u00e1rcius 19. <\/em>(Kossuth K\u00f6nyvkiad\u00f3, 1978)<\/li>\n\n\n\n<li>Ungv\u00e1ry Kriszti\u00e1n: <em>Ker\u00fclve kellemetlen k\u00e9rd\u00e9seket<\/em> (Magyar Narancs, 2001\/22., 05.31.)<\/li>\n\n\n\n<li>Ungv\u00e1ry Kriszti\u00e1n: <em>A Horthy-rendszer \u00e9s antiszemitizmus\u00e1nak m\u00e9rlege \u2013 diszkrimin\u00e1ci\u00f3 \u00e9s t\u00e1rsadalompolitika Magyarorsz\u00e1gon 1919-1944<\/em> (Jelenkor Kiad\u00f3, Budapest, 2016)<\/li>\n\n\n\n<li>The Central Database of Shoah Victims&#8217; Names (Yad Vashem \u2013 The World Holocaust Remembrance Center: www.yadvashem.org)<\/li>\n<\/ul>\n\n\n\n<p><strong>Rendfenntart\u00e1s:<\/strong><\/p>\n\n\n\n<ul>\n<li>A Magyar Kir\u00e1lyi Csend\u0151rs\u00e9g zsebk\u00f6nyve, 1887\u20131944, 1\u201352. \u00e9vf. (https:\/\/epa.oszk.hu\/html\/vgi\/kardexlap.phtml?id=2994)<\/li>\n\n\n\n<li>Filep Tibor <em>A politikai rend\u0151rs\u00e9g Hajd\u00fa-Biharban 1957-1989 III\/III , <\/em>Debrecen, 2011.<\/li>\n<\/ul>\n\n\n\n<p><strong>M\u00fazeumt\u00f6rt\u00e9net:<\/strong><\/p>\n\n\n\n<ul>\n<li>H\u00e9thy Zolt\u00e1n: <em>A Debreceni M\u00fazeumbar\u00e1tok K\u00f6r\u00e9nek t\u00f6rt\u00e9nete 1927-1949 <\/em>(DM\u00c9 1972, 563-596. old.)<\/li>\n\n\n\n<li>Kov\u00e1cs J\u00f3zsef: <em>Bomb\u00e1k \u00e1rny\u00e9k\u00e1ban \u2013&nbsp; A D\u00e9ri M\u00fazeum viszontags\u00e1gai 1939 \u2013 1945 k\u00f6z\u00f6tt S\u0151regi J\u00e1nos Napl\u00f3j\u00e1ban<\/em> (DM\u00c9 2017, 171-185.old.)<\/li>\n<\/ul>\n\n\n\n<p><strong>Hadt\u00f6rt\u00e9net:<\/strong><\/p>\n\n\n\n<ul>\n<li>Horv\u00e1th Attila, <em>L\u00e9git\u00e1mad\u00e1s a debreceni Nagy\u00e1llom\u00e1s ellen 1944. szeptember elsej\u00e9n (<\/em>\u00daj n\u00e9z\u0151pont, 2014\/1, 37-59.)<\/li>\n\n\n\n<li>Horv\u00e1th Attila, <em>Magyarorsz\u00e1g amerikai bomb\u00e1z\u00e1sa a II. vil\u00e1gh\u00e1bor\u00faban : \u201ePatakokban folyt az \u00e1rtatlanok v\u00e9re\u2026\u201d : a Debrecen elleni els\u0151 amerikai l\u00e9git\u00e1mad\u00e1s 1944. j\u00fanius 2. : a Frantic Joe hadm\u0171velet nyit\u00f3napja <\/em>(L\u00edcium-Art K\u00f6nyvkiad\u00f3-\u00e9s Kereskedelmi Kft., Debrecen, 2014.)<\/li>\n\n\n\n<li>M. Szab\u00f3 Mikl\u00f3s: <em>A Magyar Kir\u00e1lyi Honv\u00e9d l\u00e9gier\u0151 1938-1945<\/em> (Zr\u00ednyi Kiad\u00f3, 1999.)<\/li>\n\n\n\n<li>dr. Pataky Iv\u00e1n: <em>Ami a \u201eFrantic Joe I.\u201d l\u00e9gi hadm\u0171velet h\u00e1tter\u00e9ben t\u00f6rt\u00e9nt<\/em> (Magyar Sz\u00e1rnyak, 1977\/25, 77-81. old.)<\/li>\n\n\n\n<li>P\u00e1szti L\u00e1szl\u00f3: <em>Debrecenben j\u00e1rtunk 2. Egy v\u00e1ros trag\u00e9di\u00e1ja 1944 nyar\u00e1n <\/em>(https:\/\/blog.oszk.hu\/foldabrosz\/debrecenben-jartunk-2-egy-varos-tragediaja-1944-nyaran)<\/li>\n<\/ul>\n\n\n\n<p><strong>Oktat\u00e1s- \u00e9s kult\u00fart\u00f6rt\u00e9net:<\/strong><\/p>\n\n\n\n<ul>\n<li>A Debreceni Egyetem t\u00f6rt\u00e9nete 1912 \u2013 2012 (Szerkesztette: Orosz Istv\u00e1n \u00e9s ifj. Barta J\u00e1nos, Debreceni Egyetemi Kiad\u00f3, 2012)<\/li>\n\n\n\n<li>Asztalos Dezs\u0151 \u2013 Lakner Lajos \u2013 Szab\u00f3 Anna Viola: <em>Kultusz \u00e9s \u00e1ldozat<\/em> \u2013<em> a Debreceni Csokonai K\u00f6r<\/em> (Debrecen, 2005)<\/li>\n\n\n\n<li>Bak\u00f3 Endre: <em>A debreceni Tisza Istv\u00e1n Tudom\u00e1nyos T\u00e1rsas\u00e1g t\u00f6rt\u00e9net\u00e9hez<\/em> (HBM-i Lev\u00e9lt\u00e1r \u00c9vk\u00f6nyve, 11. sz.\/1984)<\/li>\n\n\n\n<li>Bak\u00f3 Endre: <em>Debrecen, lelkem sz\u00e9kv\u00e1rosa<\/em> (Debrecen, 2006)<\/li>\n\n\n\n<li><em>Ernyedetlen szorgalommal \u2013 A Debreceni Tudom\u00e1nyegyetem jog\u00e1sz professzorai (1929 \u2013 1945)<\/em> (Historia Facultatis Iuridicae IV. Szerkesztette: P. Szab\u00f3 B\u00e9la. Debrecen, 2014)<\/li>\n\n\n\n<li>Lakner Lajos: <em>Irodalom \u00e9s \u00e9rtelmis\u00e9g a sz\u00e1zadfordul\u00f3s \u00e9s a k\u00e9t vil\u00e1gh\u00e1bor\u00fa k\u00f6z\u00f6tti&nbsp; Debrecenben (A Csokonai K\u00f6r irodalomszeml\u00e9lete) <\/em>(DM\u00c9 1991, 365-383. old.)<\/li>\n\n\n\n<li>Lakner Lajos: Az \u00c1rk\u00e1dia-p\u00f6r fogs\u00e1g\u00e1ban \u2013 A debreceni Csokonai-kultusz (Debrecen, 2014)<\/li>\n<\/ul>\n\n\n\n<ul>\n<li>Lovas Enik\u0151 Am\u00e1lia: <em>Debrecen \u201eArany Embere\u201d \u2013 Steinfeld Mih\u00e1ly \u00e9s csal\u00e1dja <\/em>(\u00daj n\u00e9z\u0151pont, 2019., 6. \u00e9vf. 1. sz. 82-113. old.)<\/li>\n\n\n\n<li>Mudr\u00e1k J\u00f3zsef \u2013 Vincze Tam\u00e1s: <em>Pap K\u00e1roly irodalomprofesszor, a Debreceni M. Kir. Tisza Istv\u00e1n Tudom\u00e1nyegyetem 1924-1925. tan\u00e9vi Rector Magnificusa<\/em> (Gerundium: Egyetemt\u00f6rt\u00e9neti k\u00f6zlem\u00e9nyek Vol. 7. nr. 1-2\/2016, 5-22. old.)<\/li>\n\n\n\n<li>Ol\u00e1h G\u00e1bor: <em>Napl\u00f3k<\/em> (Szerkesztette, a jegyzeteket \u00e9s az ut\u00f3sz\u00f3t \u00edrta: Lakner Lajos, Debrecen, 2002)<\/li>\n\n\n\n<li>Tamusn\u00e9 Moln\u00e1r Vikt\u00f3ria: <em>Tank\u00f3 B\u00e9la a sokoldal\u00fa tud\u00f3s<\/em> (<a href=\"http:\/\/www.academia.edu\/6852056\/Tank\u00f3_B\u00e9la_a_sokoldal\u00fa_tud\u00f3s\">www.academia.edu\/6852056\/Tank\u00f3_B\u00e9la_a_sokoldal\u00fa_tud\u00f3s<\/a>)<\/li>\n<\/ul>\n","protected":false},"excerpt":{"rendered":"<p>Forr\u00e1sok Debrecen t\u00f6rt\u00e9net\u00e9nek kutat\u00e1s\u00e1hoz \u00c1ltal\u00e1nos (esem\u00e9ny- \u00e9s t\u00e1rsadalomt\u00f6rt\u00e9net): Holokauszt: Rendfenntart\u00e1s: M\u00fazeumt\u00f6rt\u00e9net: Hadt\u00f6rt\u00e9net: Oktat\u00e1s- \u00e9s kult\u00fart\u00f6rt\u00e9net:<\/p>\n","protected":false},"author":1,"featured_media":0,"parent":0,"menu_order":0,"comment_status":"closed","ping_status":"closed","template":"","meta":{"_et_pb_use_builder":"off","_et_pb_old_content":"","_et_gb_content_width":""},"_links":{"self":[{"href":"https:\/\/helyiertek.derimuzeum.hu\/index.php?rest_route=\/wp\/v2\/pages\/290"}],"collection":[{"href":"https:\/\/helyiertek.derimuzeum.hu\/index.php?rest_route=\/wp\/v2\/pages"}],"about":[{"href":"https:\/\/helyiertek.derimuzeum.hu\/index.php?rest_route=\/wp\/v2\/types\/page"}],"author":[{"embeddable":true,"href":"https:\/\/helyiertek.derimuzeum.hu\/index.php?rest_route=\/wp\/v2\/users\/1"}],"replies":[{"embeddable":true,"href":"https:\/\/helyiertek.derimuzeum.hu\/index.php?rest_route=%2Fwp%2Fv2%2Fcomments&post=290"}],"version-history":[{"count":4,"href":"https:\/\/helyiertek.derimuzeum.hu\/index.php?rest_route=\/wp\/v2\/pages\/290\/revisions"}],"predecessor-version":[{"id":1394,"href":"https:\/\/helyiertek.derimuzeum.hu\/index.php?rest_route=\/wp\/v2\/pages\/290\/revisions\/1394"}],"wp:attachment":[{"href":"https:\/\/helyiertek.derimuzeum.hu\/index.php?rest_route=%2Fwp%2Fv2%2Fmedia&parent=290"}],"curies":[{"name":"wp","href":"https:\/\/api.w.org\/{rel}","templated":true}]}}